{"id":3854,"date":"2023-09-22T08:56:38","date_gmt":"2023-09-22T12:56:38","guid":{"rendered":"http:\/\/159.89.124.43\/simpliquer\/devenez-benevole\/"},"modified":"2026-03-05T14:28:16","modified_gmt":"2026-03-05T19:28:16","slug":"devenez-benevole","status":"publish","type":"page","link":"https:\/\/ochfoundation.ca\/fr\/simpliquer\/devenez-benevole\/","title":{"rendered":"Devenez b\u00e9n\u00e9vole"},"content":{"rendered":"\t\t<div data-elementor-type=\"wp-page\" data-elementor-id=\"3854\" class=\"elementor elementor-3854 elementor-1607\" data-elementor-post-type=\"page\">\n\t\t\t\t<div class=\"elementor-element elementor-element-4ae232d4 e-con-full e-flex e-con e-parent\" data-id=\"4ae232d4\" data-element_type=\"container\" data-e-type=\"container\">\n\t\t<div class=\"elementor-element elementor-element-3b1bf781 e-con-full e-flex e-con e-child\" data-id=\"3b1bf781\" data-element_type=\"container\" data-e-type=\"container\" data-settings=\"{&quot;background_background&quot;:&quot;classic&quot;}\">\n\t\t\t\t<div class=\"elementor-element elementor-element-4ae4e24d elementor-widget elementor-widget-heading\" data-id=\"4ae4e24d\" data-element_type=\"widget\" data-e-type=\"widget\" data-widget_type=\"heading.default\">\n\t\t\t\t<div class=\"elementor-widget-container\">\n\t\t\t\t\t<h2 class=\"elementor-heading-title elementor-size-default\">S'IMPLIQUER<\/h2>\t\t\t\t<\/div>\n\t\t\t\t<\/div>\n\t\t\t\t<div class=\"elementor-element elementor-element-2bd131e elementor-widget elementor-widget-heading\" data-id=\"2bd131e\" data-element_type=\"widget\" data-e-type=\"widget\" data-widget_type=\"heading.default\">\n\t\t\t\t<div class=\"elementor-widget-container\">\n\t\t\t\t\t<h2 class=\"elementor-heading-title elementor-size-default\">DEVENEZ B\u00c9N\u00c9VOLE<\/h2>\t\t\t\t<\/div>\n\t\t\t\t<\/div>\n\t\t\t\t<\/div>\n\t\t<div class=\"elementor-element elementor-element-1fa3f8a5 e-con-full e-flex e-con e-child\" data-id=\"1fa3f8a5\" data-element_type=\"container\" data-e-type=\"container\" data-settings=\"{&quot;background_background&quot;:&quot;classic&quot;}\">\n\t\t\t\t<\/div>\n\t\t\t\t<\/div>\n\t\t<div class=\"elementor-element elementor-element-96c8bbe e-flex e-con-boxed e-con e-parent\" data-id=\"96c8bbe\" data-element_type=\"container\" data-e-type=\"container\">\n\t\t\t\t\t<div class=\"e-con-inner\">\n\t\t\t\t<div class=\"elementor-element elementor-element-bc52715 elementor-widget elementor-widget-text-editor\" data-id=\"bc52715\" data-element_type=\"widget\" data-e-type=\"widget\" data-widget_type=\"text-editor.default\">\n\t\t\t\t<div class=\"elementor-widget-container\">\n\t\t\t\t\t\t\t\t\t<p>Le b\u00e9n\u00e9volat est plus qu&rsquo;un simple acte de service, c&rsquo;est un investissement dans le bien-\u00eatre de la communaut\u00e9. C&rsquo;est une fa\u00e7on de se tenir aux c\u00f4t\u00e9s de votre communaut\u00e9 locale et de contribuer \u00e0 un impact tangible et durable. Lorsque vous donnez de votre temps, vous cr\u00e9ez des moments de joie et de connexion pour les personnes vivant dans la Soci\u00e9t\u00e9 de logement communautaire d\u2019Ottawa (LCO), et vous contribuez \u00e0 rendre la ville plus heureuse et plus inclusive.  <\/p><p>Les b\u00e9n\u00e9voles sont au c\u0153ur de toutes nos activit\u00e9s, et nous leur sommes profond\u00e9ment reconnaissants pour leur soutien. Que vous souhaitiez donner un coup de main \u00e0 titre individuel ou organiser une exp\u00e9rience de groupe, il existe de nombreuses fa\u00e7ons de vous impliquer. <\/p>\t\t\t\t\t\t\t\t<\/div>\n\t\t\t\t<\/div>\n\t\t\t\t<div class=\"elementor-element elementor-element-21c4116 elementor-widget elementor-widget-heading\" data-id=\"21c4116\" data-element_type=\"widget\" data-e-type=\"widget\" data-widget_type=\"heading.default\">\n\t\t\t\t<div class=\"elementor-widget-container\">\n\t\t\t\t\t<h2 class=\"elementor-heading-title elementor-size-default\">Devenez b\u00e9n\u00e9vole dans le cadre de nos programmes<\/h2>\t\t\t\t<\/div>\n\t\t\t\t<\/div>\n\t\t\t\t<div class=\"elementor-element elementor-element-eed8065 elementor-widget elementor-widget-text-editor\" data-id=\"eed8065\" data-element_type=\"widget\" data-e-type=\"widget\" data-widget_type=\"text-editor.default\">\n\t\t\t\t<div class=\"elementor-widget-container\">\n\t\t\t\t\t\t\t\t\t<p>Nous offrons des opportunit\u00e9s pratiques dans le cadre de plusieurs de nos programmes et initiatives, notamment :<\/p><ul><li><p><strong> \u00c0 vos v\u00e9los : <\/strong>aidez-nous \u00e0 pr\u00e9parer, remettre \u00e0 neuf et distribuer des v\u00e9los aux enfants, aux jeunes et aux adultes de nos communaut\u00e9s. Des f\u00eates \u00e0 v\u00e9lo aux \u00e9v\u00e9nements de distribution, les b\u00e9n\u00e9voles jouent un r\u00f4le cl\u00e9 pour rendre la mobilit\u00e9 et les loisirs plus accessibles. <\/p><\/li><li><p><strong>Pack-a-Sack : <\/strong>Rejoignez-nous pour remplir et distribuer des sacs \u00e0 dos contenant des fournitures scolaires essentielles, afin d&rsquo;aider les \u00e9l\u00e8ves \u00e0 commencer l&rsquo;ann\u00e9e scolaire en toute confiance.<\/p><\/li><li><p><strong>\u00c9v\u00e9nements sp\u00e9ciaux et initiatives communautaires :<\/strong> Tout au long de l&rsquo;ann\u00e9e, nous organisons divers \u00e9v\u00e9nements et programmes qui ne pourraient voir le jour sans l&rsquo;aide de b\u00e9n\u00e9voles d\u00e9vou\u00e9s.<\/p><\/li><\/ul><p>Chaque b\u00e9n\u00e9vole contribue \u00e0 quelque chose de plus grand : un enfant qui fait ses premiers tours \u00e0 v\u00e9lo, un \u00e9l\u00e8ve qui arrive \u00e0 l&rsquo;\u00e9cole bien pr\u00e9par\u00e9, une famille qui se sent soutenue par sa communaut\u00e9. Si vous souhaitez devenir b\u00e9n\u00e9vole chez nous, nous vous encourageons \u00e0 contacter notre \u00e9quipe pour conna\u00eetre les opportunit\u00e9s actuelles. <\/p>\t\t\t\t\t\t\t\t<\/div>\n\t\t\t\t<\/div>\n\t\t\t\t<div class=\"elementor-element elementor-element-59e0fc4 elementor-widget elementor-widget-button\" data-id=\"59e0fc4\" data-element_type=\"widget\" data-e-type=\"widget\" data-widget_type=\"button.default\">\n\t\t\t\t<div class=\"elementor-widget-container\">\n\t\t\t\t\t\t\t\t\t<div class=\"elementor-button-wrapper\">\n\t\t\t\t\t<a class=\"elementor-button elementor-button-link elementor-size-sm\" href=\"mailto:pranav.kohli@ochfoundation.ca\">\n\t\t\t\t\t\t<span class=\"elementor-button-content-wrapper\">\n\t\t\t\t\t\t\t\t\t<span class=\"elementor-button-text\">Contactez notre \u00e9quipe<\/span>\n\t\t\t\t\t<\/span>\n\t\t\t\t\t<\/a>\n\t\t\t\t<\/div>\n\t\t\t\t\t\t\t\t<\/div>\n\t\t\t\t<\/div>\n\t\t\t\t<div class=\"elementor-element elementor-element-8bfc633 elementor-widget elementor-widget-heading\" data-id=\"8bfc633\" data-element_type=\"widget\" data-e-type=\"widget\" data-widget_type=\"heading.default\">\n\t\t\t\t<div class=\"elementor-widget-container\">\n\t\t\t\t\t<h2 class=\"elementor-heading-title elementor-size-default\">B\u00e9n\u00e9volat d'entreprise et de groupe<\/h2>\t\t\t\t<\/div>\n\t\t\t\t<\/div>\n\t\t\t\t\t<\/div>\n\t\t\t\t<\/div>\n\t\t<div class=\"elementor-element elementor-element-88c1333 e-grid e-con-boxed e-con e-parent\" data-id=\"88c1333\" data-element_type=\"container\" data-e-type=\"container\">\n\t\t\t\t\t<div class=\"e-con-inner\">\n\t\t\t\t<div class=\"elementor-element elementor-element-5b05bc0 elementor-widget elementor-widget-text-editor\" data-id=\"5b05bc0\" data-element_type=\"widget\" data-e-type=\"widget\" data-widget_type=\"text-editor.default\">\n\t\t\t\t<div class=\"elementor-widget-container\">\n\t\t\t\t\t\t\t\t\t<p>Nous travaillons en partenariat avec des \u00e9quipes d&rsquo;entreprises et des groupes communautaires qui souhaitent s&rsquo;engager de mani\u00e8re significative. Les exp\u00e9riences de b\u00e9n\u00e9volat en groupe peuvent inclure la distribution de v\u00e9los, le remplissage de sacs \u00e0 dos lors de notre Pack-a-Thon annuel, le b\u00e9n\u00e9volat pour servir des repas de f\u00eate ou le soutien \u00e0 l&rsquo;une de nos nombreuses initiatives sp\u00e9ciales. <\/p><p>Le b\u00e9n\u00e9volat en groupe permet non seulement de redonner \u00e0 la communaut\u00e9 locale, mais aussi d&rsquo;am\u00e9liorer le travail d&rsquo;\u00e9quipe, le moral et de contribuer \u00e0 cr\u00e9er un sentiment d&rsquo;appartenance au sein de votre organisation.<\/p><p>Pour d\u00e9couvrir les possibilit\u00e9s offertes aux groupes, veuillez contacter notre \u00e9quipe ou consulter notre page Dons d&rsquo;entreprise pour en savoir plus sur la mani\u00e8re dont votre organisation peut s&rsquo;impliquer.<\/p>\t\t\t\t\t\t\t\t<\/div>\n\t\t\t\t<\/div>\n\t\t\t\t<div class=\"elementor-element elementor-element-a141098 elementor-widget elementor-widget-image\" data-id=\"a141098\" data-element_type=\"widget\" data-e-type=\"widget\" data-widget_type=\"image.default\">\n\t\t\t\t<div class=\"elementor-widget-container\">\n\t\t\t\t\t\t\t\t\t\t\t\t\t\t\t<img fetchpriority=\"high\" decoding=\"async\" width=\"1707\" height=\"2560\" src=\"https:\/\/ochfoundation.ca\/wp-content\/uploads\/2026\/02\/DSC04577-scaled.jpg\" class=\"attachment-full size-full wp-image-7429\" alt=\"\" srcset=\"https:\/\/ochfoundation.ca\/wp-content\/uploads\/2026\/02\/DSC04577-scaled.jpg 1707w, https:\/\/ochfoundation.ca\/wp-content\/uploads\/2026\/02\/DSC04577-200x300.jpg 200w, https:\/\/ochfoundation.ca\/wp-content\/uploads\/2026\/02\/DSC04577-683x1024.jpg 683w, https:\/\/ochfoundation.ca\/wp-content\/uploads\/2026\/02\/DSC04577-768x1152.jpg 768w, https:\/\/ochfoundation.ca\/wp-content\/uploads\/2026\/02\/DSC04577-1024x1536.jpg 1024w, https:\/\/ochfoundation.ca\/wp-content\/uploads\/2026\/02\/DSC04577-1365x2048.jpg 1365w\" sizes=\"(max-width: 1707px) 100vw, 1707px\" \/>\t\t\t\t\t\t\t\t\t\t\t\t\t\t\t<\/div>\n\t\t\t\t<\/div>\n\t\t\t\t\t<\/div>\n\t\t\t\t<\/div>\n\t\t<div class=\"elementor-element elementor-element-8bf8900 e-flex e-con-boxed e-con e-parent\" data-id=\"8bf8900\" data-element_type=\"container\" data-e-type=\"container\">\n\t\t\t\t\t<div class=\"e-con-inner\">\n\t\t\t\t<div class=\"elementor-element elementor-element-f80135d elementor-widget elementor-widget-heading\" data-id=\"f80135d\" data-element_type=\"widget\" data-e-type=\"widget\" data-widget_type=\"heading.default\">\n\t\t\t\t<div class=\"elementor-widget-container\">\n\t\t\t\t\t<h2 class=\"elementor-heading-title elementor-size-default\">Soutien \u00e0 l'\u00e9quipe charg\u00e9e de l'engagement des b\u00e9n\u00e9voles \u00e0 la LCO<\/h2>\t\t\t\t<\/div>\n\t\t\t\t<\/div>\n\t\t\t\t<div class=\"elementor-element elementor-element-2f4ccd4 elementor-widget elementor-widget-text-editor\" data-id=\"2f4ccd4\" data-element_type=\"widget\" data-e-type=\"widget\" data-widget_type=\"text-editor.default\">\n\t\t\t\t<div class=\"elementor-widget-container\">\n\t\t\t\t\t\t\t\t\t<p>La Fondation LCO travaille \u00e9galement en \u00e9troite collaboration avec nos partenaires de l&rsquo;\u00e9quipe d&rsquo;engagement b\u00e9n\u00e9vole de la LCO. Gr\u00e2ce \u00e0 cette collaboration, des particuliers et des groupes peuvent participer \u00e0 des projets d&rsquo;entretien, d&#8217;embellissement et d&rsquo;am\u00e9lioration communautaire dans les communaut\u00e9s r\u00e9sidentielles. <\/p><p>Ces initiatives accueillent des groupes de b\u00e9n\u00e9voles de toutes tailles et offrent un moyen unique et gratifiant de redonner \u00e0 la communaut\u00e9 locale. Qu&rsquo;il s&rsquo;agisse de planter des jardins, de rafra\u00eechir des espaces communs ou de soutenir des am\u00e9liorations men\u00e9es par la communaut\u00e9, les b\u00e9n\u00e9voles contribuent \u00e0 renforcer la fiert\u00e9, les liens et le sentiment d&rsquo;appartenance. <\/p><p>Ensemble, ces projets rassemblent les gens autour d&rsquo;un objectif commun : renforcer les lieux que les r\u00e9sidents consid\u00e8rent comme leur foyer. <span style=\"letter-spacing: 0px;\">Contactez-nous ou consultez la page Web de l&rsquo;\u00e9quipe charg\u00e9e du recrutement des b\u00e9n\u00e9voles pour d\u00e9couvrir les possibilit\u00e9s de b\u00e9n\u00e9volat.<\/span><\/p>\t\t\t\t\t\t\t\t<\/div>\n\t\t\t\t<\/div>\n\t\t\t\t\t<\/div>\n\t\t\t\t<\/div>\n\t\t<div class=\"elementor-element elementor-element-882ee72 e-grid e-con-boxed e-con e-parent\" data-id=\"882ee72\" data-element_type=\"container\" data-e-type=\"container\">\n\t\t\t\t\t<div class=\"e-con-inner\">\n\t\t\t\t<div class=\"elementor-element elementor-element-4416665 elementor-align-center elementor-widget elementor-widget-button\" data-id=\"4416665\" data-element_type=\"widget\" data-e-type=\"widget\" data-widget_type=\"button.default\">\n\t\t\t\t<div class=\"elementor-widget-container\">\n\t\t\t\t\t\t\t\t\t<div class=\"elementor-button-wrapper\">\n\t\t\t\t\t<a class=\"elementor-button elementor-button-link elementor-size-sm\" href=\"mailto:pranav.kohli@ochfoundation.ca\">\n\t\t\t\t\t\t<span class=\"elementor-button-content-wrapper\">\n\t\t\t\t\t\t\t\t\t<span class=\"elementor-button-text\">Contactez notre \u00e9quipe<\/span>\n\t\t\t\t\t<\/span>\n\t\t\t\t\t<\/a>\n\t\t\t\t<\/div>\n\t\t\t\t\t\t\t\t<\/div>\n\t\t\t\t<\/div>\n\t\t\t\t<div class=\"elementor-element elementor-element-a467e46 elementor-widget elementor-widget-image\" data-id=\"a467e46\" data-element_type=\"widget\" data-e-type=\"widget\" data-widget_type=\"image.default\">\n\t\t\t\t<div class=\"elementor-widget-container\">\n\t\t\t\t\t\t\t\t\t\t\t\t\t\t\t\t<a href=\"https:\/\/www.och-lco.ca\/join-our-team\/volunteer\/\">\n\t\t\t\t\t\t\t<img decoding=\"async\" width=\"2560\" height=\"617\" src=\"https:\/\/ochfoundation.ca\/wp-content\/uploads\/2023\/10\/Screen-Shot-2023-10-31-at-10.32.16\u202fAM-scaled.jpg\" class=\"attachment-full size-full wp-image-3787\" alt=\"\" srcset=\"https:\/\/ochfoundation.ca\/wp-content\/uploads\/2023\/10\/Screen-Shot-2023-10-31-at-10.32.16\u202fAM-scaled.jpg 2560w, https:\/\/ochfoundation.ca\/wp-content\/uploads\/2023\/10\/Screen-Shot-2023-10-31-at-10.32.16\u202fAM-300x72.jpg 300w, https:\/\/ochfoundation.ca\/wp-content\/uploads\/2023\/10\/Screen-Shot-2023-10-31-at-10.32.16\u202fAM-1024x247.jpg 1024w, https:\/\/ochfoundation.ca\/wp-content\/uploads\/2023\/10\/Screen-Shot-2023-10-31-at-10.32.16\u202fAM-768x185.jpg 768w, https:\/\/ochfoundation.ca\/wp-content\/uploads\/2023\/10\/Screen-Shot-2023-10-31-at-10.32.16\u202fAM-1536x370.jpg 1536w, https:\/\/ochfoundation.ca\/wp-content\/uploads\/2023\/10\/Screen-Shot-2023-10-31-at-10.32.16\u202fAM-2048x494.jpg 2048w\" sizes=\"(max-width: 2560px) 100vw, 2560px\" \/>\t\t\t\t\t\t\t\t<\/a>\n\t\t\t\t\t\t\t\t\t\t\t\t\t\t\t<\/div>\n\t\t\t\t<\/div>\n\t\t\t\t\t<\/div>\n\t\t\t\t<\/div>\n\t\t\t\t<\/div>\n\t\t","protected":false},"excerpt":{"rendered":"<p>S&rsquo;IMPLIQUER DEVENEZ B\u00c9N\u00c9VOLE Le b\u00e9n\u00e9volat est plus qu&rsquo;un simple acte de service, c&rsquo;est un investissement dans le bien-\u00eatre de la communaut\u00e9. C&rsquo;est une fa\u00e7on de se tenir aux c\u00f4t\u00e9s de votre communaut\u00e9 locale et de contribuer \u00e0 un impact tangible et durable. Lorsque vous donnez de votre temps, vous cr\u00e9ez des moments de joie et [&hellip;]<\/p>\n","protected":false},"author":3,"featured_media":7426,"parent":3846,"menu_order":0,"comment_status":"closed","ping_status":"closed","template":"","meta":{"footnotes":""},"class_list":["post-3854","page","type-page","status-publish","has-post-thumbnail","hentry"],"_links":{"self":[{"href":"https:\/\/ochfoundation.ca\/fr\/wp-json\/wp\/v2\/pages\/3854","targetHints":{"allow":["GET"]}}],"collection":[{"href":"https:\/\/ochfoundation.ca\/fr\/wp-json\/wp\/v2\/pages"}],"about":[{"href":"https:\/\/ochfoundation.ca\/fr\/wp-json\/wp\/v2\/types\/page"}],"author":[{"embeddable":true,"href":"https:\/\/ochfoundation.ca\/fr\/wp-json\/wp\/v2\/users\/3"}],"replies":[{"embeddable":true,"href":"https:\/\/ochfoundation.ca\/fr\/wp-json\/wp\/v2\/comments?post=3854"}],"version-history":[{"count":2,"href":"https:\/\/ochfoundation.ca\/fr\/wp-json\/wp\/v2\/pages\/3854\/revisions"}],"predecessor-version":[{"id":7532,"href":"https:\/\/ochfoundation.ca\/fr\/wp-json\/wp\/v2\/pages\/3854\/revisions\/7532"}],"up":[{"embeddable":true,"href":"https:\/\/ochfoundation.ca\/fr\/wp-json\/wp\/v2\/pages\/3846"}],"wp:featuredmedia":[{"embeddable":true,"href":"https:\/\/ochfoundation.ca\/fr\/wp-json\/wp\/v2\/media\/7426"}],"wp:attachment":[{"href":"https:\/\/ochfoundation.ca\/fr\/wp-json\/wp\/v2\/media?parent=3854"}],"curies":[{"name":"wp","href":"https:\/\/api.w.org\/{rel}","templated":true}]}}