{"id":3868,"date":"2023-09-23T20:34:06","date_gmt":"2023-09-24T00:34:06","guid":{"rendered":"http:\/\/159.89.124.43\/nouvelles-et-evenements\/"},"modified":"2026-02-09T11:31:19","modified_gmt":"2026-02-09T16:31:19","slug":"nouvelles-et-evenements","status":"publish","type":"page","link":"https:\/\/ochfoundation.ca\/fr\/nouvelles-et-evenements\/","title":{"rendered":"NOUVELLES ET \u00c9V\u00c9NEMENTS"},"content":{"rendered":"\t\t<div data-elementor-type=\"wp-page\" data-elementor-id=\"3868\" class=\"elementor elementor-3868 elementor-1805\" data-elementor-post-type=\"page\">\n\t\t\t\t\t\t<section class=\"elementor-section elementor-top-section elementor-element elementor-element-64abe13c elementor-section-boxed elementor-section-height-default elementor-section-height-default\" data-id=\"64abe13c\" data-element_type=\"section\" data-e-type=\"section\" data-settings=\"{&quot;background_background&quot;:&quot;classic&quot;}\">\n\t\t\t\t\t\t<div class=\"elementor-container elementor-column-gap-default\">\n\t\t\t\t\t<div class=\"elementor-column elementor-col-100 elementor-top-column elementor-element elementor-element-78c3dcde\" data-id=\"78c3dcde\" data-element_type=\"column\" data-e-type=\"column\">\n\t\t\t<div class=\"elementor-widget-wrap elementor-element-populated\">\n\t\t\t\t\t\t<div class=\"elementor-element elementor-element-2e0115cb elementor-widget elementor-widget-heading\" data-id=\"2e0115cb\" data-element_type=\"widget\" data-e-type=\"widget\" data-widget_type=\"heading.default\">\n\t\t\t\t<div class=\"elementor-widget-container\">\n\t\t\t\t\t<h2 class=\"elementor-heading-title elementor-size-default\">FONDATION LCO<\/h2>\t\t\t\t<\/div>\n\t\t\t\t<\/div>\n\t\t\t\t<div class=\"elementor-element elementor-element-5d6292f8 elementor-widget elementor-widget-heading\" data-id=\"5d6292f8\" data-element_type=\"widget\" data-e-type=\"widget\" data-widget_type=\"heading.default\">\n\t\t\t\t<div class=\"elementor-widget-container\">\n\t\t\t\t\t<h2 class=\"elementor-heading-title elementor-size-default\">NOUVELLES ET \u00c9V\u00c9NEMENTS<\/h2>\t\t\t\t<\/div>\n\t\t\t\t<\/div>\n\t\t\t\t\t<\/div>\n\t\t<\/div>\n\t\t\t\t\t<\/div>\n\t\t<\/section>\n\t\t\t\t<section class=\"elementor-section elementor-top-section elementor-element elementor-element-64ad229 elementor-section-boxed elementor-section-height-default elementor-section-height-default\" data-id=\"64ad229\" data-element_type=\"section\" data-e-type=\"section\">\n\t\t\t\t\t\t<div class=\"elementor-container elementor-column-gap-default\">\n\t\t\t\t\t<div class=\"elementor-column elementor-col-100 elementor-top-column elementor-element elementor-element-cf79b98\" data-id=\"cf79b98\" data-element_type=\"column\" data-e-type=\"column\">\n\t\t\t<div class=\"elementor-widget-wrap elementor-element-populated\">\n\t\t\t\t\t\t<div class=\"elementor-element elementor-element-504ed2d elementor-widget elementor-widget-template\" data-id=\"504ed2d\" data-element_type=\"widget\" data-e-type=\"widget\" data-widget_type=\"template.default\">\n\t\t\t\t<div class=\"elementor-widget-container\">\n\t\t\t\t\t\t\t<div class=\"elementor-template\">\n\t\t\t\t\t<div data-elementor-type=\"archive\" data-elementor-id=\"2034\" class=\"elementor elementor-2034\" data-elementor-post-type=\"elementor_library\">\n\t\t\t\t\t<section class=\"elementor-section elementor-top-section elementor-element elementor-element-834bd2f elementor-section-boxed elementor-section-height-default elementor-section-height-default\" data-id=\"834bd2f\" data-element_type=\"section\" data-e-type=\"section\">\n\t\t\t\t\t\t<div class=\"elementor-container elementor-column-gap-default\">\n\t\t\t\t\t<div class=\"elementor-column elementor-col-100 elementor-top-column elementor-element elementor-element-ad51d32\" data-id=\"ad51d32\" data-element_type=\"column\" data-e-type=\"column\">\n\t\t\t<div class=\"elementor-widget-wrap elementor-element-populated\">\n\t\t\t\t\t\t<div class=\"elementor-element elementor-element-c21063f elementor-grid-3 elementor-grid-tablet-2 elementor-grid-mobile-1 elementor-posts--thumbnail-top elementor-card-shadow-yes elementor-posts__hover-gradient elementor-widget elementor-widget-posts\" data-id=\"c21063f\" data-element_type=\"widget\" data-e-type=\"widget\" data-settings=\"{&quot;cards_columns&quot;:&quot;3&quot;,&quot;cards_columns_tablet&quot;:&quot;2&quot;,&quot;cards_columns_mobile&quot;:&quot;1&quot;,&quot;cards_row_gap&quot;:{&quot;unit&quot;:&quot;px&quot;,&quot;size&quot;:35,&quot;sizes&quot;:[]},&quot;cards_row_gap_tablet&quot;:{&quot;unit&quot;:&quot;px&quot;,&quot;size&quot;:&quot;&quot;,&quot;sizes&quot;:[]},&quot;cards_row_gap_mobile&quot;:{&quot;unit&quot;:&quot;px&quot;,&quot;size&quot;:&quot;&quot;,&quot;sizes&quot;:[]}}\" data-widget_type=\"posts.cards\">\n\t\t\t\t<div class=\"elementor-widget-container\">\n\t\t\t\t\t\t\t<div class=\"elementor-posts-container elementor-posts elementor-posts--skin-cards elementor-grid\" role=\"list\">\n\t\t\t\t<article class=\"elementor-post elementor-grid-item post-6839 post type-post status-publish format-standard has-post-thumbnail hentry category-actualites\" role=\"listitem\">\n\t\t\t<div class=\"elementor-post__card\">\n\t\t\t\t<a class=\"elementor-post__thumbnail__link\" href=\"https:\/\/ochfoundation.ca\/fr\/actualites\/une-nouvelle-cohorte-un-heritage-grandissant-avenir-jeunesse-2026\/\" tabindex=\"-1\" ><div class=\"elementor-post__thumbnail\"><img fetchpriority=\"high\" decoding=\"async\" width=\"768\" height=\"512\" src=\"https:\/\/ochfoundation.ca\/wp-content\/uploads\/2026\/02\/DSC00062-40-768x512.jpg\" class=\"attachment-medium_large size-medium_large wp-image-6823\" alt=\"\" srcset=\"https:\/\/ochfoundation.ca\/wp-content\/uploads\/2026\/02\/DSC00062-40-768x512.jpg 768w, https:\/\/ochfoundation.ca\/wp-content\/uploads\/2026\/02\/DSC00062-40-300x200.jpg 300w, https:\/\/ochfoundation.ca\/wp-content\/uploads\/2026\/02\/DSC00062-40-1024x683.jpg 1024w, https:\/\/ochfoundation.ca\/wp-content\/uploads\/2026\/02\/DSC00062-40-1536x1024.jpg 1536w, https:\/\/ochfoundation.ca\/wp-content\/uploads\/2026\/02\/DSC00062-40-2048x1365.jpg 2048w\" sizes=\"(max-width: 768px) 100vw, 768px\" \/><\/div><\/a>\n\t\t\t\t<div class=\"elementor-post__badge\">Actualit\u00e9s<\/div>\n\t\t\t\t<div class=\"elementor-post__text\">\n\t\t\t\t<h3 class=\"elementor-post__title\">\n\t\t\t<a href=\"https:\/\/ochfoundation.ca\/fr\/actualites\/une-nouvelle-cohorte-un-heritage-grandissant-avenir-jeunesse-2026\/\" >\n\t\t\t\tUne nouvelle cohorte, un h\u00e9ritage grandissant : Avenir Jeunesse 2026\t\t\t<\/a>\n\t\t<\/h3>\n\t\t\t\t<div class=\"elementor-post__excerpt\">\n\t\t\t<p>Une nouvelle cohorte, un h\u00e9ritage grandissant : Avenir Jeunesse 2026 Ottawa, 10 F\u00e9vrier \u2013 Hier soir, la Ville d&rsquo;Ottawa, la Fondation de la Soci\u00e9t\u00e9 de logement communautaire<\/p>\n\t\t<\/div>\n\t\t\t\t\t<div class=\"elementor-post__read-more-wrapper\">\n\t\t\n\t\t<a class=\"elementor-post__read-more\" href=\"https:\/\/ochfoundation.ca\/fr\/actualites\/une-nouvelle-cohorte-un-heritage-grandissant-avenir-jeunesse-2026\/\" aria-label=\"En savoir plus sur Une nouvelle cohorte, un h\u00e9ritage grandissant : Avenir Jeunesse 2026\" tabindex=\"-1\" >\n\t\t\tRead More \u00bb\t\t<\/a>\n\n\t\t\t\t\t<\/div>\n\t\t\t\t<\/div>\n\t\t\t\t\t<\/div>\n\t\t<\/article>\n\t\t\t\t<article class=\"elementor-post elementor-grid-item post-6317 post type-post status-publish format-standard has-post-thumbnail hentry category-actualites\" role=\"listitem\">\n\t\t\t<div class=\"elementor-post__card\">\n\t\t\t\t<a class=\"elementor-post__thumbnail__link\" href=\"https:\/\/ochfoundation.ca\/fr\/actualites\/un-message-damanda\/\" tabindex=\"-1\" ><div class=\"elementor-post__thumbnail\"><img decoding=\"async\" width=\"768\" height=\"512\" src=\"https:\/\/ochfoundation.ca\/wp-content\/uploads\/2025\/11\/DSC09486-12-768x512.jpg\" class=\"attachment-medium_large size-medium_large wp-image-6300\" alt=\"\" srcset=\"https:\/\/ochfoundation.ca\/wp-content\/uploads\/2025\/11\/DSC09486-12-768x512.jpg 768w, https:\/\/ochfoundation.ca\/wp-content\/uploads\/2025\/11\/DSC09486-12-300x200.jpg 300w, https:\/\/ochfoundation.ca\/wp-content\/uploads\/2025\/11\/DSC09486-12-1024x683.jpg 1024w, https:\/\/ochfoundation.ca\/wp-content\/uploads\/2025\/11\/DSC09486-12-1536x1024.jpg 1536w, https:\/\/ochfoundation.ca\/wp-content\/uploads\/2025\/11\/DSC09486-12-2048x1365.jpg 2048w\" sizes=\"(max-width: 768px) 100vw, 768px\" \/><\/div><\/a>\n\t\t\t\t<div class=\"elementor-post__badge\">Actualit\u00e9s<\/div>\n\t\t\t\t<div class=\"elementor-post__text\">\n\t\t\t\t<h3 class=\"elementor-post__title\">\n\t\t\t<a href=\"https:\/\/ochfoundation.ca\/fr\/actualites\/un-message-damanda\/\" >\n\t\t\t\tUn message d&rsquo;Amanda\t\t\t<\/a>\n\t\t<\/h3>\n\t\t\t\t<div class=\"elementor-post__excerpt\">\n\t\t\t<p>Un message d&rsquo;Amanda : Aidez les familles d&rsquo;Ottawa \u00e0 s&rsquo;\u00e9panouir Chers amis, Chaque jour, je suis t\u00e9moin du courage et de la force des locataires de la<\/p>\n\t\t<\/div>\n\t\t\t\t\t<div class=\"elementor-post__read-more-wrapper\">\n\t\t\n\t\t<a class=\"elementor-post__read-more\" href=\"https:\/\/ochfoundation.ca\/fr\/actualites\/un-message-damanda\/\" aria-label=\"En savoir plus sur Un message d&rsquo;Amanda\" tabindex=\"-1\" >\n\t\t\tRead More \u00bb\t\t<\/a>\n\n\t\t\t\t\t<\/div>\n\t\t\t\t<\/div>\n\t\t\t\t\t<\/div>\n\t\t<\/article>\n\t\t\t\t<article class=\"elementor-post elementor-grid-item post-6108 post type-post status-publish format-standard has-post-thumbnail hentry category-actualites\" role=\"listitem\">\n\t\t\t<div class=\"elementor-post__card\">\n\t\t\t\t<a class=\"elementor-post__thumbnail__link\" href=\"https:\/\/ochfoundation.ca\/fr\/actualites\/le-nouveau-programme-dautopartage-electrique-a-mikinak-elargit-loffre-de-transport-ecologique-et-abordable\/\" tabindex=\"-1\" ><div class=\"elementor-post__thumbnail\"><img decoding=\"async\" width=\"768\" height=\"512\" src=\"https:\/\/ochfoundation.ca\/wp-content\/uploads\/2025\/09\/DSC07918-42-768x512.jpg\" class=\"attachment-medium_large size-medium_large wp-image-6097\" alt=\"\" srcset=\"https:\/\/ochfoundation.ca\/wp-content\/uploads\/2025\/09\/DSC07918-42-768x512.jpg 768w, https:\/\/ochfoundation.ca\/wp-content\/uploads\/2025\/09\/DSC07918-42-300x200.jpg 300w, https:\/\/ochfoundation.ca\/wp-content\/uploads\/2025\/09\/DSC07918-42-1024x683.jpg 1024w, https:\/\/ochfoundation.ca\/wp-content\/uploads\/2025\/09\/DSC07918-42-1536x1024.jpg 1536w, https:\/\/ochfoundation.ca\/wp-content\/uploads\/2025\/09\/DSC07918-42-2048x1365.jpg 2048w\" sizes=\"(max-width: 768px) 100vw, 768px\" \/><\/div><\/a>\n\t\t\t\t<div class=\"elementor-post__badge\">Actualit\u00e9s<\/div>\n\t\t\t\t<div class=\"elementor-post__text\">\n\t\t\t\t<h3 class=\"elementor-post__title\">\n\t\t\t<a href=\"https:\/\/ochfoundation.ca\/fr\/actualites\/le-nouveau-programme-dautopartage-electrique-a-mikinak-elargit-loffre-de-transport-ecologique-et-abordable\/\" >\n\t\t\t\tLe nouveau programme d&rsquo;autopartage \u00e9lectrique \u00e0 Mikin\u00e0k \u00e9largit l&rsquo;offre de transport \u00e9cologique et abordable\t\t\t<\/a>\n\t\t<\/h3>\n\t\t\t\t<div class=\"elementor-post__excerpt\">\n\t\t\t<p>Le nouveau programme d&rsquo;autopartage \u00e9lectrique \u00e0 Mikin\u00e0k \u00e9largit l&rsquo;offre de transport \u00e9cologique et abordable Le 18 septembre, la Fondation LCO a fi\u00e8rement c\u00e9l\u00e9br\u00e9 le lancement d&rsquo;une nouvelle<\/p>\n\t\t<\/div>\n\t\t\t\t\t<div class=\"elementor-post__read-more-wrapper\">\n\t\t\n\t\t<a class=\"elementor-post__read-more\" href=\"https:\/\/ochfoundation.ca\/fr\/actualites\/le-nouveau-programme-dautopartage-electrique-a-mikinak-elargit-loffre-de-transport-ecologique-et-abordable\/\" aria-label=\"En savoir plus sur Le nouveau programme d&rsquo;autopartage \u00e9lectrique \u00e0 Mikin\u00e0k \u00e9largit l&rsquo;offre de transport \u00e9cologique et abordable\" tabindex=\"-1\" >\n\t\t\tRead More \u00bb\t\t<\/a>\n\n\t\t\t\t\t<\/div>\n\t\t\t\t<\/div>\n\t\t\t\t\t<\/div>\n\t\t<\/article>\n\t\t\t\t<article class=\"elementor-post elementor-grid-item post-6088 post type-post status-publish format-standard has-post-thumbnail hentry category-actualites\" role=\"listitem\">\n\t\t\t<div class=\"elementor-post__card\">\n\t\t\t\t<a class=\"elementor-post__thumbnail__link\" href=\"https:\/\/ochfoundation.ca\/fr\/actualites\/avenir-jeunesse-renforcer-la-confiance-le-leadership-et-les-opportunites\/\" tabindex=\"-1\" ><div class=\"elementor-post__thumbnail\"><img loading=\"lazy\" decoding=\"async\" width=\"768\" height=\"512\" src=\"https:\/\/ochfoundation.ca\/wp-content\/uploads\/2025\/09\/DSC06833-768x512.jpg\" class=\"attachment-medium_large size-medium_large wp-image-6051\" alt=\"\" srcset=\"https:\/\/ochfoundation.ca\/wp-content\/uploads\/2025\/09\/DSC06833-768x512.jpg 768w, https:\/\/ochfoundation.ca\/wp-content\/uploads\/2025\/09\/DSC06833-300x200.jpg 300w, https:\/\/ochfoundation.ca\/wp-content\/uploads\/2025\/09\/DSC06833-1024x683.jpg 1024w, https:\/\/ochfoundation.ca\/wp-content\/uploads\/2025\/09\/DSC06833-1536x1024.jpg 1536w, https:\/\/ochfoundation.ca\/wp-content\/uploads\/2025\/09\/DSC06833-2048x1365.jpg 2048w\" sizes=\"(max-width: 768px) 100vw, 768px\" \/><\/div><\/a>\n\t\t\t\t<div class=\"elementor-post__badge\">Actualit\u00e9s<\/div>\n\t\t\t\t<div class=\"elementor-post__text\">\n\t\t\t\t<h3 class=\"elementor-post__title\">\n\t\t\t<a href=\"https:\/\/ochfoundation.ca\/fr\/actualites\/avenir-jeunesse-renforcer-la-confiance-le-leadership-et-les-opportunites\/\" >\n\t\t\t\tAvenir Jeunesse : renforcer la confiance, le leadership et les opportunit\u00e9s\t\t\t<\/a>\n\t\t<\/h3>\n\t\t\t\t<div class=\"elementor-post__excerpt\">\n\t\t\t<p>Avenir Jeunesse : renforcer la confiance, le leadership et les opportunit\u00e9s Le 22 ao\u00fbt, 144 \u00e9tudiants ont obtenu leur dipl\u00f4me du programme Avenir Jeunesse, marquant ainsi sa<\/p>\n\t\t<\/div>\n\t\t\t\t\t<div class=\"elementor-post__read-more-wrapper\">\n\t\t\n\t\t<a class=\"elementor-post__read-more\" href=\"https:\/\/ochfoundation.ca\/fr\/actualites\/avenir-jeunesse-renforcer-la-confiance-le-leadership-et-les-opportunites\/\" aria-label=\"En savoir plus sur Avenir Jeunesse : renforcer la confiance, le leadership et les opportunit\u00e9s\" tabindex=\"-1\" >\n\t\t\tRead More \u00bb\t\t<\/a>\n\n\t\t\t\t\t<\/div>\n\t\t\t\t<\/div>\n\t\t\t\t\t<\/div>\n\t\t<\/article>\n\t\t\t\t<article class=\"elementor-post elementor-grid-item post-6005 post type-post status-publish format-standard has-post-thumbnail hentry category-actualites\" role=\"listitem\">\n\t\t\t<div class=\"elementor-post__card\">\n\t\t\t\t<a class=\"elementor-post__thumbnail__link\" href=\"https:\/\/ochfoundation.ca\/fr\/actualites\/une-journee-record-sur-le-green-resume-du-tournoi-de-golf\/\" tabindex=\"-1\" ><div class=\"elementor-post__thumbnail\"><img loading=\"lazy\" decoding=\"async\" width=\"768\" height=\"432\" src=\"https:\/\/ochfoundation.ca\/wp-content\/uploads\/2025\/09\/Photo-2025-09-16-09-02-54-768x432.jpg\" class=\"attachment-medium_large size-medium_large wp-image-5962\" alt=\"\" srcset=\"https:\/\/ochfoundation.ca\/wp-content\/uploads\/2025\/09\/Photo-2025-09-16-09-02-54-768x432.jpg 768w, https:\/\/ochfoundation.ca\/wp-content\/uploads\/2025\/09\/Photo-2025-09-16-09-02-54-300x169.jpg 300w, https:\/\/ochfoundation.ca\/wp-content\/uploads\/2025\/09\/Photo-2025-09-16-09-02-54-1024x576.jpg 1024w, https:\/\/ochfoundation.ca\/wp-content\/uploads\/2025\/09\/Photo-2025-09-16-09-02-54-1536x864.jpg 1536w, https:\/\/ochfoundation.ca\/wp-content\/uploads\/2025\/09\/Photo-2025-09-16-09-02-54-2048x1152.jpg 2048w\" sizes=\"(max-width: 768px) 100vw, 768px\" \/><\/div><\/a>\n\t\t\t\t<div class=\"elementor-post__badge\">Actualit\u00e9s<\/div>\n\t\t\t\t<div class=\"elementor-post__text\">\n\t\t\t\t<h3 class=\"elementor-post__title\">\n\t\t\t<a href=\"https:\/\/ochfoundation.ca\/fr\/actualites\/une-journee-record-sur-le-green-resume-du-tournoi-de-golf\/\" >\n\t\t\t\tUne journ\u00e9e record sur le green\t\t\t<\/a>\n\t\t<\/h3>\n\t\t\t\t<div class=\"elementor-post__excerpt\">\n\t\t\t<p>Une journ\u00e9e record sur le green : r\u00e9sum\u00e9 du tournoi de golf La Fondation LCO est ravie de c\u00e9l\u00e9brer le succ\u00e8s de son 12e tournoi de golf<\/p>\n\t\t<\/div>\n\t\t\t\t\t<div class=\"elementor-post__read-more-wrapper\">\n\t\t\n\t\t<a class=\"elementor-post__read-more\" href=\"https:\/\/ochfoundation.ca\/fr\/actualites\/une-journee-record-sur-le-green-resume-du-tournoi-de-golf\/\" aria-label=\"En savoir plus sur Une journ\u00e9e record sur le green\" tabindex=\"-1\" >\n\t\t\tRead More \u00bb\t\t<\/a>\n\n\t\t\t\t\t<\/div>\n\t\t\t\t<\/div>\n\t\t\t\t\t<\/div>\n\t\t<\/article>\n\t\t\t\t<article class=\"elementor-post elementor-grid-item post-5869 post type-post status-publish format-standard has-post-thumbnail hentry category-actualites\" role=\"listitem\">\n\t\t\t<div class=\"elementor-post__card\">\n\t\t\t\t<a class=\"elementor-post__thumbnail__link\" href=\"https:\/\/ochfoundation.ca\/fr\/actualites\/annonce-nouvelle-directrice-generale-de-la-fondation-lco\/\" tabindex=\"-1\" ><div class=\"elementor-post__thumbnail\"><img loading=\"lazy\" decoding=\"async\" width=\"768\" height=\"1152\" src=\"https:\/\/ochfoundation.ca\/wp-content\/uploads\/2025\/08\/DSC05219-768x1152.jpg\" class=\"attachment-medium_large size-medium_large wp-image-5863\" alt=\"\" srcset=\"https:\/\/ochfoundation.ca\/wp-content\/uploads\/2025\/08\/DSC05219-768x1152.jpg 768w, https:\/\/ochfoundation.ca\/wp-content\/uploads\/2025\/08\/DSC05219-200x300.jpg 200w, https:\/\/ochfoundation.ca\/wp-content\/uploads\/2025\/08\/DSC05219-683x1024.jpg 683w, https:\/\/ochfoundation.ca\/wp-content\/uploads\/2025\/08\/DSC05219-1024x1536.jpg 1024w, https:\/\/ochfoundation.ca\/wp-content\/uploads\/2025\/08\/DSC05219-1365x2048.jpg 1365w, https:\/\/ochfoundation.ca\/wp-content\/uploads\/2025\/08\/DSC05219-scaled.jpg 1707w\" sizes=\"(max-width: 768px) 100vw, 768px\" \/><\/div><\/a>\n\t\t\t\t<div class=\"elementor-post__badge\">Actualit\u00e9s<\/div>\n\t\t\t\t<div class=\"elementor-post__text\">\n\t\t\t\t<h3 class=\"elementor-post__title\">\n\t\t\t<a href=\"https:\/\/ochfoundation.ca\/fr\/actualites\/annonce-nouvelle-directrice-generale-de-la-fondation-lco\/\" >\n\t\t\t\tAnnonce : nouvelle Directeur ex\u00e9cutif de la Fondation LCO\t\t\t<\/a>\n\t\t<\/h3>\n\t\t\t\t<div class=\"elementor-post__excerpt\">\n\t\t\t<p>Annonce : nouvelle Directeur ex\u00e9cutif de la Fondation LCO La Fondation LCO est fi\u00e8re d&rsquo;annoncer la nomination de Traci Spour-Lafrance au poste de Directeur ex\u00e9cutif. Le parcours<\/p>\n\t\t<\/div>\n\t\t\t\t\t<div class=\"elementor-post__read-more-wrapper\">\n\t\t\n\t\t<a class=\"elementor-post__read-more\" href=\"https:\/\/ochfoundation.ca\/fr\/actualites\/annonce-nouvelle-directrice-generale-de-la-fondation-lco\/\" aria-label=\"En savoir plus sur Annonce : nouvelle Directeur ex\u00e9cutif de la Fondation LCO\" tabindex=\"-1\" >\n\t\t\tRead More \u00bb\t\t<\/a>\n\n\t\t\t\t\t<\/div>\n\t\t\t\t<\/div>\n\t\t\t\t\t<\/div>\n\t\t<\/article>\n\t\t\t\t<article class=\"elementor-post elementor-grid-item post-5854 post type-post status-publish format-standard has-post-thumbnail hentry category-actualites\" role=\"listitem\">\n\t\t\t<div class=\"elementor-post__card\">\n\t\t\t\t<a class=\"elementor-post__thumbnail__link\" href=\"https:\/\/ochfoundation.ca\/fr\/actualites\/investir-dans-le-potentiel-35-bourses-apprendre-minspire-decernees-a-des-etudiants-vivant-dans-des-logements-communautaires-dottawa\/\" tabindex=\"-1\" ><div class=\"elementor-post__thumbnail\"><img loading=\"lazy\" decoding=\"async\" width=\"768\" height=\"512\" src=\"https:\/\/ochfoundation.ca\/wp-content\/uploads\/2025\/08\/DSC06551-768x512.jpg\" class=\"attachment-medium_large size-medium_large wp-image-5846\" alt=\"\" srcset=\"https:\/\/ochfoundation.ca\/wp-content\/uploads\/2025\/08\/DSC06551-768x512.jpg 768w, https:\/\/ochfoundation.ca\/wp-content\/uploads\/2025\/08\/DSC06551-300x200.jpg 300w, https:\/\/ochfoundation.ca\/wp-content\/uploads\/2025\/08\/DSC06551-1024x683.jpg 1024w, https:\/\/ochfoundation.ca\/wp-content\/uploads\/2025\/08\/DSC06551-1536x1024.jpg 1536w, https:\/\/ochfoundation.ca\/wp-content\/uploads\/2025\/08\/DSC06551-2048x1365.jpg 2048w\" sizes=\"(max-width: 768px) 100vw, 768px\" \/><\/div><\/a>\n\t\t\t\t<div class=\"elementor-post__badge\">Actualit\u00e9s<\/div>\n\t\t\t\t<div class=\"elementor-post__text\">\n\t\t\t\t<h3 class=\"elementor-post__title\">\n\t\t\t<a href=\"https:\/\/ochfoundation.ca\/fr\/actualites\/investir-dans-le-potentiel-35-bourses-apprendre-minspire-decernees-a-des-etudiants-vivant-dans-des-logements-communautaires-dottawa\/\" >\n\t\t\t\tInvestir dans le potentiel : 35 bourses Apprendre M\u2019inspire d\u00e9cern\u00e9es \u00e0 des \u00e9tudiants vivant dans des logements communautaires d\u2019Ottawa\t\t\t<\/a>\n\t\t<\/h3>\n\t\t\t\t<div class=\"elementor-post__excerpt\">\n\t\t\t<p>Investir dans le potentiel : 35 bourses Apprendre M\u2019inspire d\u00e9cern\u00e9es \u00e0 des \u00e9tudiants vivant dans des logements communautaires d\u2019Ottawa Ottawa, Ontario \u2013 18 ao\u00fbt 2025 : La<\/p>\n\t\t<\/div>\n\t\t\t\t\t<div class=\"elementor-post__read-more-wrapper\">\n\t\t\n\t\t<a class=\"elementor-post__read-more\" href=\"https:\/\/ochfoundation.ca\/fr\/actualites\/investir-dans-le-potentiel-35-bourses-apprendre-minspire-decernees-a-des-etudiants-vivant-dans-des-logements-communautaires-dottawa\/\" aria-label=\"En savoir plus sur Investir dans le potentiel : 35 bourses Apprendre M\u2019inspire d\u00e9cern\u00e9es \u00e0 des \u00e9tudiants vivant dans des logements communautaires d\u2019Ottawa\" tabindex=\"-1\" >\n\t\t\tRead More \u00bb\t\t<\/a>\n\n\t\t\t\t\t<\/div>\n\t\t\t\t<\/div>\n\t\t\t\t\t<\/div>\n\t\t<\/article>\n\t\t\t\t<article class=\"elementor-post elementor-grid-item post-5812 post type-post status-publish format-standard has-post-thumbnail hentry category-actualites\" role=\"listitem\">\n\t\t\t<div class=\"elementor-post__card\">\n\t\t\t\t<a class=\"elementor-post__thumbnail__link\" href=\"https:\/\/ochfoundation.ca\/fr\/actualites\/avis-aux-medias-la-fondation-lco-dirigera-un-marathon-pack-a-thon-de-24-heures-pour-remplir-2-000-sacs-a-dos-pour-les-enfants-des-logements-communautaires-dottawa\/\" tabindex=\"-1\" ><div class=\"elementor-post__thumbnail\"><img loading=\"lazy\" decoding=\"async\" width=\"768\" height=\"512\" src=\"https:\/\/ochfoundation.ca\/wp-content\/uploads\/2025\/08\/DSC05287-768x512.jpg\" class=\"attachment-medium_large size-medium_large wp-image-5823\" alt=\"\" srcset=\"https:\/\/ochfoundation.ca\/wp-content\/uploads\/2025\/08\/DSC05287-768x512.jpg 768w, https:\/\/ochfoundation.ca\/wp-content\/uploads\/2025\/08\/DSC05287-300x200.jpg 300w, https:\/\/ochfoundation.ca\/wp-content\/uploads\/2025\/08\/DSC05287-1024x683.jpg 1024w, https:\/\/ochfoundation.ca\/wp-content\/uploads\/2025\/08\/DSC05287-1536x1024.jpg 1536w, https:\/\/ochfoundation.ca\/wp-content\/uploads\/2025\/08\/DSC05287-2048x1365.jpg 2048w\" sizes=\"(max-width: 768px) 100vw, 768px\" \/><\/div><\/a>\n\t\t\t\t<div class=\"elementor-post__badge\">Actualit\u00e9s<\/div>\n\t\t\t\t<div class=\"elementor-post__text\">\n\t\t\t\t<h3 class=\"elementor-post__title\">\n\t\t\t<a href=\"https:\/\/ochfoundation.ca\/fr\/actualites\/avis-aux-medias-la-fondation-lco-dirigera-un-marathon-pack-a-thon-de-24-heures-pour-remplir-2-000-sacs-a-dos-pour-les-enfants-des-logements-communautaires-dottawa\/\" >\n\t\t\t\tDes fournitures scolaires pour un meilleur avenir : Le Pack-a-Thon de 2025 de la Fondation LCO aide \u00e0 pr\u00e9parer plus de 2 000 \u00e9l\u00e8ves \u00e0 l\u2019\u00e9cole\t\t\t<\/a>\n\t\t<\/h3>\n\t\t\t\t<div class=\"elementor-post__excerpt\">\n\t\t\t<p>Des fournitures scolaires pour un meilleur avenir : Le Pack-a-Thon de 2025 de la Fondation LCO aide \u00e0 pr\u00e9parer plus de 2 000 \u00e9l\u00e8ves \u00e0 l\u2019\u00e9cole En<\/p>\n\t\t<\/div>\n\t\t\t\t\t<div class=\"elementor-post__read-more-wrapper\">\n\t\t\n\t\t<a class=\"elementor-post__read-more\" href=\"https:\/\/ochfoundation.ca\/fr\/actualites\/avis-aux-medias-la-fondation-lco-dirigera-un-marathon-pack-a-thon-de-24-heures-pour-remplir-2-000-sacs-a-dos-pour-les-enfants-des-logements-communautaires-dottawa\/\" aria-label=\"En savoir plus sur Des fournitures scolaires pour un meilleur avenir : Le Pack-a-Thon de 2025 de la Fondation LCO aide \u00e0 pr\u00e9parer plus de 2 000 \u00e9l\u00e8ves \u00e0 l\u2019\u00e9cole\" tabindex=\"-1\" >\n\t\t\tRead More \u00bb\t\t<\/a>\n\n\t\t\t\t\t<\/div>\n\t\t\t\t<\/div>\n\t\t\t\t\t<\/div>\n\t\t<\/article>\n\t\t\t\t<article class=\"elementor-post elementor-grid-item post-5760 post type-post status-publish format-standard has-post-thumbnail hentry category-actualites\" role=\"listitem\">\n\t\t\t<div class=\"elementor-post__card\">\n\t\t\t\t<a class=\"elementor-post__thumbnail__link\" href=\"https:\/\/ochfoundation.ca\/fr\/actualites\/collecte-alimentaire-estivale-dottawa-sunir-pour-lutter-contre-la-faim-chez-les-enfants\/\" tabindex=\"-1\" ><div class=\"elementor-post__thumbnail\"><img loading=\"lazy\" decoding=\"async\" width=\"768\" height=\"512\" src=\"https:\/\/ochfoundation.ca\/wp-content\/uploads\/2025\/06\/DSC04518-768x512.jpg\" class=\"attachment-medium_large size-medium_large wp-image-5744\" alt=\"\" srcset=\"https:\/\/ochfoundation.ca\/wp-content\/uploads\/2025\/06\/DSC04518-768x512.jpg 768w, https:\/\/ochfoundation.ca\/wp-content\/uploads\/2025\/06\/DSC04518-300x200.jpg 300w, https:\/\/ochfoundation.ca\/wp-content\/uploads\/2025\/06\/DSC04518-1024x683.jpg 1024w, https:\/\/ochfoundation.ca\/wp-content\/uploads\/2025\/06\/DSC04518-1536x1024.jpg 1536w, https:\/\/ochfoundation.ca\/wp-content\/uploads\/2025\/06\/DSC04518-2048x1365.jpg 2048w\" sizes=\"(max-width: 768px) 100vw, 768px\" \/><\/div><\/a>\n\t\t\t\t<div class=\"elementor-post__badge\">Actualit\u00e9s<\/div>\n\t\t\t\t<div class=\"elementor-post__text\">\n\t\t\t\t<h3 class=\"elementor-post__title\">\n\t\t\t<a href=\"https:\/\/ochfoundation.ca\/fr\/actualites\/collecte-alimentaire-estivale-dottawa-sunir-pour-lutter-contre-la-faim-chez-les-enfants\/\" >\n\t\t\t\tCollecte alimentaire estivale d&rsquo;Ottawa : s&rsquo;unir pour lutter contre la faim chez les enfants\t\t\t<\/a>\n\t\t<\/h3>\n\t\t\t\t<div class=\"elementor-post__excerpt\">\n\t\t\t<p>Collecte alimentaire estivale d&rsquo;Ottawa : s&rsquo;unir pour lutter contre la faim chez les enfants Ottawa, le 30 juin 2025 \u2014 Les familles vivant dans les communaut\u00e9s de<\/p>\n\t\t<\/div>\n\t\t\t\t\t<div class=\"elementor-post__read-more-wrapper\">\n\t\t\n\t\t<a class=\"elementor-post__read-more\" href=\"https:\/\/ochfoundation.ca\/fr\/actualites\/collecte-alimentaire-estivale-dottawa-sunir-pour-lutter-contre-la-faim-chez-les-enfants\/\" aria-label=\"En savoir plus sur Collecte alimentaire estivale d&rsquo;Ottawa : s&rsquo;unir pour lutter contre la faim chez les enfants\" tabindex=\"-1\" >\n\t\t\tRead More \u00bb\t\t<\/a>\n\n\t\t\t\t\t<\/div>\n\t\t\t\t<\/div>\n\t\t\t\t\t<\/div>\n\t\t<\/article>\n\t\t\t\t<article class=\"elementor-post elementor-grid-item post-5724 post type-post status-publish format-standard has-post-thumbnail hentry category-actualites\" role=\"listitem\">\n\t\t\t<div class=\"elementor-post__card\">\n\t\t\t\t<a class=\"elementor-post__thumbnail__link\" href=\"https:\/\/ochfoundation.ca\/fr\/actualites\/dun-avenir-incertain-a-de-beaux-lendemains-histoires-de-diplomes-davenir-jeunesse\/\" tabindex=\"-1\" ><div class=\"elementor-post__thumbnail\"><img loading=\"lazy\" decoding=\"async\" width=\"768\" height=\"512\" src=\"https:\/\/ochfoundation.ca\/wp-content\/uploads\/2025\/06\/DSC04361-768x512.jpg\" class=\"attachment-medium_large size-medium_large wp-image-5691\" alt=\"\" srcset=\"https:\/\/ochfoundation.ca\/wp-content\/uploads\/2025\/06\/DSC04361-768x512.jpg 768w, https:\/\/ochfoundation.ca\/wp-content\/uploads\/2025\/06\/DSC04361-300x200.jpg 300w, https:\/\/ochfoundation.ca\/wp-content\/uploads\/2025\/06\/DSC04361-1024x683.jpg 1024w, https:\/\/ochfoundation.ca\/wp-content\/uploads\/2025\/06\/DSC04361-1536x1024.jpg 1536w, https:\/\/ochfoundation.ca\/wp-content\/uploads\/2025\/06\/DSC04361-2048x1365.jpg 2048w\" sizes=\"(max-width: 768px) 100vw, 768px\" \/><\/div><\/a>\n\t\t\t\t<div class=\"elementor-post__badge\">Actualit\u00e9s<\/div>\n\t\t\t\t<div class=\"elementor-post__text\">\n\t\t\t\t<h3 class=\"elementor-post__title\">\n\t\t\t<a href=\"https:\/\/ochfoundation.ca\/fr\/actualites\/dun-avenir-incertain-a-de-beaux-lendemains-histoires-de-diplomes-davenir-jeunesse\/\" >\n\t\t\t\tD\u2019un avenir incertain \u00e0 de beaux lendemains : histoires de dipl\u00f4m\u00e9s d\u2019Avenir jeunesse\t\t\t<\/a>\n\t\t<\/h3>\n\t\t\t\t<div class=\"elementor-post__excerpt\">\n\t\t\t<p>D\u2019un avenir incertain \u00e0 de beaux lendemains : histoires de dipl\u00f4m\u00e9s d\u2019Avenir jeunesse \u00ab J\u2019ai grandi et gagn\u00e9 en sagesse. Je travaille, j\u2019\u00e9tudie et j\u2019aime la vie<\/p>\n\t\t<\/div>\n\t\t\t\t\t<div class=\"elementor-post__read-more-wrapper\">\n\t\t\n\t\t<a class=\"elementor-post__read-more\" href=\"https:\/\/ochfoundation.ca\/fr\/actualites\/dun-avenir-incertain-a-de-beaux-lendemains-histoires-de-diplomes-davenir-jeunesse\/\" aria-label=\"En savoir plus sur D\u2019un avenir incertain \u00e0 de beaux lendemains : histoires de dipl\u00f4m\u00e9s d\u2019Avenir jeunesse\" tabindex=\"-1\" >\n\t\t\tRead More \u00bb\t\t<\/a>\n\n\t\t\t\t\t<\/div>\n\t\t\t\t<\/div>\n\t\t\t\t\t<\/div>\n\t\t<\/article>\n\t\t\t\t<\/div>\n\t\t\n\t\t\t\t\t\t<\/div>\n\t\t\t\t<\/div>\n\t\t\t\t\t<\/div>\n\t\t<\/div>\n\t\t\t\t\t<\/div>\n\t\t<\/section>\n\t\t\t\t<\/div>\n\t\t\t\t<\/div>\n\t\t\t\t\t\t<\/div>\n\t\t\t\t<\/div>\n\t\t\t\t\t<\/div>\n\t\t<\/div>\n\t\t\t\t\t<\/div>\n\t\t<\/section>\n\t\t\t\t<\/div>\n\t\t","protected":false},"excerpt":{"rendered":"<p>FONDATION LCO NOUVELLES ET \u00c9V\u00c9NEMENTS<\/p>\n","protected":false},"author":3,"featured_media":0,"parent":0,"menu_order":5,"comment_status":"closed","ping_status":"closed","template":"","meta":{"footnotes":""},"class_list":["post-3868","page","type-page","status-publish","hentry"],"_links":{"self":[{"href":"https:\/\/ochfoundation.ca\/fr\/wp-json\/wp\/v2\/pages\/3868","targetHints":{"allow":["GET"]}}],"collection":[{"href":"https:\/\/ochfoundation.ca\/fr\/wp-json\/wp\/v2\/pages"}],"about":[{"href":"https:\/\/ochfoundation.ca\/fr\/wp-json\/wp\/v2\/types\/page"}],"author":[{"embeddable":true,"href":"https:\/\/ochfoundation.ca\/fr\/wp-json\/wp\/v2\/users\/3"}],"replies":[{"embeddable":true,"href":"https:\/\/ochfoundation.ca\/fr\/wp-json\/wp\/v2\/comments?post=3868"}],"version-history":[{"count":4,"href":"https:\/\/ochfoundation.ca\/fr\/wp-json\/wp\/v2\/pages\/3868\/revisions"}],"predecessor-version":[{"id":6752,"href":"https:\/\/ochfoundation.ca\/fr\/wp-json\/wp\/v2\/pages\/3868\/revisions\/6752"}],"wp:attachment":[{"href":"https:\/\/ochfoundation.ca\/fr\/wp-json\/wp\/v2\/media?parent=3868"}],"curies":[{"name":"wp","href":"https:\/\/api.w.org\/{rel}","templated":true}]}}